{"id":446,"date":"2018-08-15T12:19:16","date_gmt":"2018-08-15T12:19:16","guid":{"rendered":"https:\/\/motorcentralen.se\/lastbilar\/?page_id=446"},"modified":"2023-11-27T14:20:22","modified_gmt":"2023-11-27T13:20:22","slug":"skadeverkstad","status":"publish","type":"page","link":"https:\/\/motorcentralen.se\/scania\/service-tjanster\/skadeverkstad\/","title":{"rendered":"Skadeverkstad"},"content":{"rendered":"\t\t<div data-elementor-type=\"wp-page\" data-elementor-id=\"446\" class=\"elementor elementor-446\" data-elementor-post-type=\"page\">\n\t\t\t\t<div class=\"elementor-element elementor-element-34cb3b02 e-flex e-con-boxed e-con e-parent\" data-id=\"34cb3b02\" data-element_type=\"container\" data-e-type=\"container\">\n\t\t\t\t\t<div class=\"e-con-inner\">\n\t\t<div class=\"elementor-element elementor-element-3826c981 e-con-full e-flex e-con e-child\" data-id=\"3826c981\" data-element_type=\"container\" data-e-type=\"container\">\n\t\t\t\t<div class=\"elementor-element elementor-element-1ade8930 elementor-widget elementor-widget-image\" data-id=\"1ade8930\" data-element_type=\"widget\" data-e-type=\"widget\" data-widget_type=\"image.default\">\n\t\t\t\t<div class=\"elementor-widget-container\">\n\t\t\t\t\t\t\t\t\t\t\t\t\t\t\t<img fetchpriority=\"high\" decoding=\"async\" width=\"1024\" height=\"576\" src=\"https:\/\/motorcentralen.se\/scania\/wp-content\/uploads\/sites\/3\/2023\/10\/mc_verkstad_2018-09-27-1024x576.jpg\" class=\"attachment-large size-large wp-image-1427\" alt=\"Verkstad f\u00f6r personbilar och lastbilar\" srcset=\"https:\/\/motorcentralen.se\/scania\/wp-content\/uploads\/sites\/3\/2023\/10\/mc_verkstad_2018-09-27-1024x576.jpg 1024w, https:\/\/motorcentralen.se\/scania\/wp-content\/uploads\/sites\/3\/2023\/10\/mc_verkstad_2018-09-27-300x169.jpg 300w, https:\/\/motorcentralen.se\/scania\/wp-content\/uploads\/sites\/3\/2023\/10\/mc_verkstad_2018-09-27-768x432.jpg 768w, https:\/\/motorcentralen.se\/scania\/wp-content\/uploads\/sites\/3\/2023\/10\/mc_verkstad_2018-09-27-1536x864.jpg 1536w, https:\/\/motorcentralen.se\/scania\/wp-content\/uploads\/sites\/3\/2023\/10\/mc_verkstad_2018-09-27.jpg 1920w\" sizes=\"(max-width: 1024px) 100vw, 1024px\" \/>\t\t\t\t\t\t\t\t\t\t\t\t\t\t\t<\/div>\n\t\t\t\t<\/div>\n\t\t\t\t<\/div>\n\t\t<div class=\"elementor-element elementor-element-7af454c3 e-con-full e-flex e-con e-child\" data-id=\"7af454c3\" data-element_type=\"container\" data-e-type=\"container\">\n\t\t\t\t<div class=\"elementor-element elementor-element-416621be elementor-widget elementor-widget-heading\" data-id=\"416621be\" data-element_type=\"widget\" data-e-type=\"widget\" data-widget_type=\"heading.default\">\n\t\t\t\t<div class=\"elementor-widget-container\">\n\t\t\t\t\t<h1 class=\"elementor-heading-title elementor-size-default\">Skadeverkstad<\/h1>\t\t\t\t<\/div>\n\t\t\t\t<\/div>\n\t\t\t\t<div class=\"elementor-element elementor-element-7eeff515 ingress elementor-widget elementor-widget-text-editor\" data-id=\"7eeff515\" data-element_type=\"widget\" data-e-type=\"widget\" data-widget_type=\"text-editor.default\">\n\t\t\t\t<div class=\"elementor-widget-container\">\n\t\t\t\t\t\t\t\t\t<p>Har olyckan varit framme? Oroa dig inte &#8211; vi hj\u00e4lper dig!<\/p>\t\t\t\t\t\t\t\t<\/div>\n\t\t\t\t<\/div>\n\t\t\t\t<\/div>\n\t\t\t\t\t<\/div>\n\t\t\t\t<\/div>\n\t\t<div class=\"elementor-element elementor-element-4764b37 e-flex e-con-boxed e-con e-parent\" data-id=\"4764b37\" data-element_type=\"container\" data-e-type=\"container\" data-settings=\"{&quot;background_background&quot;:&quot;classic&quot;}\">\n\t\t\t\t\t<div class=\"e-con-inner\">\n\t\t\t\t<div class=\"elementor-element elementor-element-6bd023ea elementor-widget elementor-widget-heading\" data-id=\"6bd023ea\" data-element_type=\"widget\" data-e-type=\"widget\" data-widget_type=\"heading.default\">\n\t\t\t\t<div class=\"elementor-widget-container\">\n\t\t\t\t\t<h2 class=\"elementor-heading-title elementor-size-default\">Vad ska du g\u00f6ra efter en olycka?<\/h2>\t\t\t\t<\/div>\n\t\t\t\t<\/div>\n\t\t\t\t<div class=\"elementor-element elementor-element-cf0f37 ingress elementor-widget elementor-widget-text-editor\" data-id=\"cf0f37\" data-element_type=\"widget\" data-e-type=\"widget\" data-widget_type=\"text-editor.default\">\n\t\t\t\t<div class=\"elementor-widget-container\">\n\t\t\t\t\t\t\t\t\t<p>Vi har samarbeten med m\u00e5nga f\u00f6rs\u00e4kringsbolag och kan d\u00e4rf\u00f6r ofta hj\u00e4lpa dig genom hela processen med din skada. Beh\u00f6ver du hj\u00e4lp med din skadeanm\u00e4lan? H\u00f6r av dig till oss s\u00e5 ordnar vi det, vi ordnar d\u00e5 med tidbokning och r\u00e5dgivning avseende skadan.<\/p>\t\t\t\t\t\t\t\t<\/div>\n\t\t\t\t<\/div>\n\t\t\t\t<div class=\"elementor-element elementor-element-6ca63bc elementor-align-center elementor-widget elementor-widget-button\" data-id=\"6ca63bc\" data-element_type=\"widget\" data-e-type=\"widget\" data-widget_type=\"button.default\">\n\t\t\t\t<div class=\"elementor-widget-container\">\n\t\t\t\t\t\t\t\t\t<div class=\"elementor-button-wrapper\">\n\t\t\t\t\t<a class=\"elementor-button elementor-button-link elementor-size-sm\" href=\"\/scania\/kontakt\/\">\n\t\t\t\t\t\t<span class=\"elementor-button-content-wrapper\">\n\t\t\t\t\t\t\t\t\t<span class=\"elementor-button-text\">Kontakta skadeverkstaden<\/span>\n\t\t\t\t\t<\/span>\n\t\t\t\t\t<\/a>\n\t\t\t\t<\/div>\n\t\t\t\t\t\t\t\t<\/div>\n\t\t\t\t<\/div>\n\t\t\t\t\t<\/div>\n\t\t\t\t<\/div>\n\t\t<div class=\"elementor-element elementor-element-54a74429 e-flex e-con-boxed e-con e-parent\" data-id=\"54a74429\" data-element_type=\"container\" data-e-type=\"container\" data-settings=\"{&quot;background_background&quot;:&quot;classic&quot;}\">\n\t\t\t\t\t<div class=\"e-con-inner\">\n\t\t\t\t<div class=\"elementor-element elementor-element-2b5125db elementor-widget elementor-widget-heading\" data-id=\"2b5125db\" data-element_type=\"widget\" data-e-type=\"widget\" data-widget_type=\"heading.default\">\n\t\t\t\t<div class=\"elementor-widget-container\">\n\t\t\t\t\t<h2 class=\"elementor-heading-title elementor-size-default\">Originaldelar &amp; specialutbildning<\/h2>\t\t\t\t<\/div>\n\t\t\t\t<\/div>\n\t\t\t\t<div class=\"elementor-element elementor-element-6f8aaff3 ingress elementor-widget elementor-widget-text-editor\" data-id=\"6f8aaff3\" data-element_type=\"widget\" data-e-type=\"widget\" data-widget_type=\"text-editor.default\">\n\t\t\t\t<div class=\"elementor-widget-container\">\n\t\t\t\t\t\t\t\t\t<p>N\u00e4r vi reparerar din bil kan du alltid lita p\u00e5 att vi anv\u00e4nder oss av originaldelar. Originaldelar har perfekt passform och h\u00f6gsta kvalitet, din bil f\u00f6rblir i originalutf\u00f6rande in i minsta detalj. Dessutom k\u00e4nner skadereparat\u00f6ren varje vr\u00e5 i din bil. De \u00e4r specialutbildade p\u00e5 v\u00e5ra produkters modeller och v\u00e4l insatta i bilens tekniska utveckling.<\/p>\t\t\t\t\t\t\t\t<\/div>\n\t\t\t\t<\/div>\n\t\t\t\t\t<\/div>\n\t\t\t\t<\/div>\n\t\t\t\t<\/div>\n\t\t","protected":false},"excerpt":{"rendered":"<p>Skadeverkstad Har olyckan varit framme? Oroa dig inte &#8211; vi hj\u00e4lper dig! Vad ska du g\u00f6ra efter en olycka? Vi har samarbeten med m\u00e5nga f\u00f6rs\u00e4kringsbolag och kan d\u00e4rf\u00f6r ofta hj\u00e4lpa dig genom hela processen med din skada. Beh\u00f6ver du hj\u00e4lp med din skadeanm\u00e4lan? H\u00f6r av dig till oss s\u00e5 ordnar vi det, vi ordnar d\u00e5 [&hellip;]<\/p>\n","protected":false},"author":1,"featured_media":0,"parent":389,"menu_order":0,"comment_status":"closed","ping_status":"closed","template":"","meta":{"_acf_changed":false,"site-sidebar-layout":"no-sidebar","site-content-layout":"","ast-site-content-layout":"full-width-container","site-content-style":"default","site-sidebar-style":"default","ast-global-header-display":"","ast-banner-title-visibility":"","ast-main-header-display":"","ast-hfb-above-header-display":"","ast-hfb-below-header-display":"","ast-hfb-mobile-header-display":"","site-post-title":"disabled","ast-breadcrumbs-content":"","ast-featured-img":"disabled","footer-sml-layout":"","ast-disable-related-posts":"","theme-transparent-header-meta":"default","adv-header-id-meta":"","stick-header-meta":"","header-above-stick-meta":"","header-main-stick-meta":"","header-below-stick-meta":"","astra-migrate-meta-layouts":"set","ast-page-background-enabled":"default","ast-page-background-meta":{"desktop":{"background-color":"var(--ast-global-color-4)","background-image":"","background-repeat":"repeat","background-position":"center center","background-size":"auto","background-attachment":"scroll","background-type":"","background-media":"","overlay-type":"","overlay-color":"","overlay-opacity":"","overlay-gradient":""},"tablet":{"background-color":"","background-image":"","background-repeat":"repeat","background-position":"center center","background-size":"auto","background-attachment":"scroll","background-type":"","background-media":"","overlay-type":"","overlay-color":"","overlay-opacity":"","overlay-gradient":""},"mobile":{"background-color":"","background-image":"","background-repeat":"repeat","background-position":"center center","background-size":"auto","background-attachment":"scroll","background-type":"","background-media":"","overlay-type":"","overlay-color":"","overlay-opacity":"","overlay-gradient":""}},"ast-content-background-meta":{"desktop":{"background-color":"var(--ast-global-color-5)","background-image":"","background-repeat":"repeat","background-position":"center center","background-size":"auto","background-attachment":"scroll","background-type":"","background-media":"","overlay-type":"","overlay-color":"","overlay-opacity":"","overlay-gradient":""},"tablet":{"background-color":"var(--ast-global-color-5)","background-image":"","background-repeat":"repeat","background-position":"center center","background-size":"auto","background-attachment":"scroll","background-type":"","background-media":"","overlay-type":"","overlay-color":"","overlay-opacity":"","overlay-gradient":""},"mobile":{"background-color":"var(--ast-global-color-5)","background-image":"","background-repeat":"repeat","background-position":"center center","background-size":"auto","background-attachment":"scroll","background-type":"","background-media":"","overlay-type":"","overlay-color":"","overlay-opacity":"","overlay-gradient":""}},"footnotes":""},"class_list":["post-446","page","type-page","status-publish","hentry"],"acf":[],"yoast_head":"<!-- This site is optimized with the Yoast SEO plugin v27.4 - https:\/\/yoast.com\/product\/yoast-seo-wordpress\/ -->\n<title>Skadeverkstad - Motorcentralen Ume\u00e5 Scania<\/title>\n<meta name=\"robots\" content=\"index, follow, max-snippet:-1, max-image-preview:large, max-video-preview:-1\" \/>\n<link rel=\"canonical\" href=\"https:\/\/motorcentralen.se\/scania\/service-tjanster\/skadeverkstad\/\" \/>\n<meta property=\"og:locale\" content=\"sv_SE\" \/>\n<meta property=\"og:type\" content=\"article\" \/>\n<meta property=\"og:title\" content=\"Skadeverkstad - Motorcentralen Ume\u00e5 Scania\" \/>\n<meta property=\"og:description\" content=\"Skadeverkstad Har olyckan varit framme? Oroa dig inte &#8211; vi hj\u00e4lper dig! Vad ska du g\u00f6ra efter en olycka? Vi har samarbeten med m\u00e5nga f\u00f6rs\u00e4kringsbolag och kan d\u00e4rf\u00f6r ofta hj\u00e4lpa dig genom hela processen med din skada. Beh\u00f6ver du hj\u00e4lp med din skadeanm\u00e4lan? H\u00f6r av dig till oss s\u00e5 ordnar vi det, vi ordnar d\u00e5 [&hellip;]\" \/>\n<meta property=\"og:url\" content=\"https:\/\/motorcentralen.se\/scania\/service-tjanster\/skadeverkstad\/\" \/>\n<meta property=\"og:site_name\" content=\"Motorcentralen Ume\u00e5 Scania\" \/>\n<meta property=\"article:modified_time\" content=\"2023-11-27T13:20:22+00:00\" \/>\n<meta property=\"og:image\" content=\"https:\/\/motorcentralen.se\/scania\/wp-content\/uploads\/sites\/3\/2023\/10\/mc_verkstad_2018-09-27-1024x576.jpg\" \/>\n<meta name=\"twitter:card\" content=\"summary_large_image\" \/>\n<meta name=\"twitter:label1\" content=\"Ber\u00e4knad l\u00e4stid\" \/>\n\t<meta name=\"twitter:data1\" content=\"1 minut\" \/>\n<script type=\"application\/ld+json\" class=\"yoast-schema-graph\">{\"@context\":\"https:\\\/\\\/schema.org\",\"@graph\":[{\"@type\":\"WebPage\",\"@id\":\"https:\\\/\\\/motorcentralen.se\\\/scania\\\/service-tjanster\\\/skadeverkstad\\\/\",\"url\":\"https:\\\/\\\/motorcentralen.se\\\/scania\\\/service-tjanster\\\/skadeverkstad\\\/\",\"name\":\"Skadeverkstad - Motorcentralen Ume\u00e5 Scania\",\"isPartOf\":{\"@id\":\"https:\\\/\\\/motorcentralen.se\\\/scania\\\/#website\"},\"primaryImageOfPage\":{\"@id\":\"https:\\\/\\\/motorcentralen.se\\\/scania\\\/service-tjanster\\\/skadeverkstad\\\/#primaryimage\"},\"image\":{\"@id\":\"https:\\\/\\\/motorcentralen.se\\\/scania\\\/service-tjanster\\\/skadeverkstad\\\/#primaryimage\"},\"thumbnailUrl\":\"https:\\\/\\\/motorcentralen.se\\\/scania\\\/wp-content\\\/uploads\\\/sites\\\/3\\\/2023\\\/10\\\/mc_verkstad_2018-09-27-1024x576.jpg\",\"datePublished\":\"2018-08-15T12:19:16+00:00\",\"dateModified\":\"2023-11-27T13:20:22+00:00\",\"breadcrumb\":{\"@id\":\"https:\\\/\\\/motorcentralen.se\\\/scania\\\/service-tjanster\\\/skadeverkstad\\\/#breadcrumb\"},\"inLanguage\":\"sv-SE\",\"potentialAction\":[{\"@type\":\"ReadAction\",\"target\":[\"https:\\\/\\\/motorcentralen.se\\\/scania\\\/service-tjanster\\\/skadeverkstad\\\/\"]}]},{\"@type\":\"ImageObject\",\"inLanguage\":\"sv-SE\",\"@id\":\"https:\\\/\\\/motorcentralen.se\\\/scania\\\/service-tjanster\\\/skadeverkstad\\\/#primaryimage\",\"url\":\"https:\\\/\\\/motorcentralen.se\\\/scania\\\/wp-content\\\/uploads\\\/sites\\\/3\\\/2023\\\/10\\\/mc_verkstad_2018-09-27.jpg\",\"contentUrl\":\"https:\\\/\\\/motorcentralen.se\\\/scania\\\/wp-content\\\/uploads\\\/sites\\\/3\\\/2023\\\/10\\\/mc_verkstad_2018-09-27.jpg\",\"width\":1920,\"height\":1080,\"caption\":\"Verkstad f\u00f6r personbilar och lastbilar\"},{\"@type\":\"BreadcrumbList\",\"@id\":\"https:\\\/\\\/motorcentralen.se\\\/scania\\\/service-tjanster\\\/skadeverkstad\\\/#breadcrumb\",\"itemListElement\":[{\"@type\":\"ListItem\",\"position\":1,\"name\":\"Home\",\"item\":\"https:\\\/\\\/motorcentralen.se\\\/scania\\\/\"},{\"@type\":\"ListItem\",\"position\":2,\"name\":\"Service &amp; Tj\u00e4nster\",\"item\":\"https:\\\/\\\/motorcentralen.se\\\/scania\\\/service-tjanster\\\/\"},{\"@type\":\"ListItem\",\"position\":3,\"name\":\"Skadeverkstad\"}]},{\"@type\":\"WebSite\",\"@id\":\"https:\\\/\\\/motorcentralen.se\\\/scania\\\/#website\",\"url\":\"https:\\\/\\\/motorcentralen.se\\\/scania\\\/\",\"name\":\"Motorcentralen Ume\u00e5 Scania\",\"description\":\"Motorcentralen Ume\u00e5 Scania\",\"publisher\":{\"@id\":\"https:\\\/\\\/motorcentralen.se\\\/scania\\\/#organization\"},\"potentialAction\":[{\"@type\":\"SearchAction\",\"target\":{\"@type\":\"EntryPoint\",\"urlTemplate\":\"https:\\\/\\\/motorcentralen.se\\\/scania\\\/?s={search_term_string}\"},\"query-input\":{\"@type\":\"PropertyValueSpecification\",\"valueRequired\":true,\"valueName\":\"search_term_string\"}}],\"inLanguage\":\"sv-SE\"},{\"@type\":\"Organization\",\"@id\":\"https:\\\/\\\/motorcentralen.se\\\/scania\\\/#organization\",\"name\":\"Motorcentralen Ume\u00e5 Scania\",\"url\":\"https:\\\/\\\/motorcentralen.se\\\/scania\\\/\",\"logo\":{\"@type\":\"ImageObject\",\"inLanguage\":\"sv-SE\",\"@id\":\"https:\\\/\\\/motorcentralen.se\\\/scania\\\/#\\\/schema\\\/logo\\\/image\\\/\",\"url\":\"https:\\\/\\\/motorcentralen.se\\\/scania\\\/wp-content\\\/uploads\\\/sites\\\/3\\\/2024\\\/10\\\/Motorcentralen_Lastbilar_LOGO_white_rgb.svg\",\"contentUrl\":\"https:\\\/\\\/motorcentralen.se\\\/scania\\\/wp-content\\\/uploads\\\/sites\\\/3\\\/2024\\\/10\\\/Motorcentralen_Lastbilar_LOGO_white_rgb.svg\",\"width\":1165,\"height\":166,\"caption\":\"Motorcentralen Ume\u00e5 Scania\"},\"image\":{\"@id\":\"https:\\\/\\\/motorcentralen.se\\\/scania\\\/#\\\/schema\\\/logo\\\/image\\\/\"}}]}<\/script>\n<!-- \/ Yoast SEO plugin. -->","yoast_head_json":{"title":"Skadeverkstad - Motorcentralen Ume\u00e5 Scania","robots":{"index":"index","follow":"follow","max-snippet":"max-snippet:-1","max-image-preview":"max-image-preview:large","max-video-preview":"max-video-preview:-1"},"canonical":"https:\/\/motorcentralen.se\/scania\/service-tjanster\/skadeverkstad\/","og_locale":"sv_SE","og_type":"article","og_title":"Skadeverkstad - Motorcentralen Ume\u00e5 Scania","og_description":"Skadeverkstad Har olyckan varit framme? Oroa dig inte &#8211; vi hj\u00e4lper dig! Vad ska du g\u00f6ra efter en olycka? Vi har samarbeten med m\u00e5nga f\u00f6rs\u00e4kringsbolag och kan d\u00e4rf\u00f6r ofta hj\u00e4lpa dig genom hela processen med din skada. Beh\u00f6ver du hj\u00e4lp med din skadeanm\u00e4lan? H\u00f6r av dig till oss s\u00e5 ordnar vi det, vi ordnar d\u00e5 [&hellip;]","og_url":"https:\/\/motorcentralen.se\/scania\/service-tjanster\/skadeverkstad\/","og_site_name":"Motorcentralen Ume\u00e5 Scania","article_modified_time":"2023-11-27T13:20:22+00:00","og_image":[{"url":"https:\/\/motorcentralen.se\/scania\/wp-content\/uploads\/sites\/3\/2023\/10\/mc_verkstad_2018-09-27-1024x576.jpg","type":"","width":"","height":""}],"twitter_card":"summary_large_image","twitter_misc":{"Ber\u00e4knad l\u00e4stid":"1 minut"},"schema":{"@context":"https:\/\/schema.org","@graph":[{"@type":"WebPage","@id":"https:\/\/motorcentralen.se\/scania\/service-tjanster\/skadeverkstad\/","url":"https:\/\/motorcentralen.se\/scania\/service-tjanster\/skadeverkstad\/","name":"Skadeverkstad - Motorcentralen Ume\u00e5 Scania","isPartOf":{"@id":"https:\/\/motorcentralen.se\/scania\/#website"},"primaryImageOfPage":{"@id":"https:\/\/motorcentralen.se\/scania\/service-tjanster\/skadeverkstad\/#primaryimage"},"image":{"@id":"https:\/\/motorcentralen.se\/scania\/service-tjanster\/skadeverkstad\/#primaryimage"},"thumbnailUrl":"https:\/\/motorcentralen.se\/scania\/wp-content\/uploads\/sites\/3\/2023\/10\/mc_verkstad_2018-09-27-1024x576.jpg","datePublished":"2018-08-15T12:19:16+00:00","dateModified":"2023-11-27T13:20:22+00:00","breadcrumb":{"@id":"https:\/\/motorcentralen.se\/scania\/service-tjanster\/skadeverkstad\/#breadcrumb"},"inLanguage":"sv-SE","potentialAction":[{"@type":"ReadAction","target":["https:\/\/motorcentralen.se\/scania\/service-tjanster\/skadeverkstad\/"]}]},{"@type":"ImageObject","inLanguage":"sv-SE","@id":"https:\/\/motorcentralen.se\/scania\/service-tjanster\/skadeverkstad\/#primaryimage","url":"https:\/\/motorcentralen.se\/scania\/wp-content\/uploads\/sites\/3\/2023\/10\/mc_verkstad_2018-09-27.jpg","contentUrl":"https:\/\/motorcentralen.se\/scania\/wp-content\/uploads\/sites\/3\/2023\/10\/mc_verkstad_2018-09-27.jpg","width":1920,"height":1080,"caption":"Verkstad f\u00f6r personbilar och lastbilar"},{"@type":"BreadcrumbList","@id":"https:\/\/motorcentralen.se\/scania\/service-tjanster\/skadeverkstad\/#breadcrumb","itemListElement":[{"@type":"ListItem","position":1,"name":"Home","item":"https:\/\/motorcentralen.se\/scania\/"},{"@type":"ListItem","position":2,"name":"Service &amp; Tj\u00e4nster","item":"https:\/\/motorcentralen.se\/scania\/service-tjanster\/"},{"@type":"ListItem","position":3,"name":"Skadeverkstad"}]},{"@type":"WebSite","@id":"https:\/\/motorcentralen.se\/scania\/#website","url":"https:\/\/motorcentralen.se\/scania\/","name":"Motorcentralen Ume\u00e5 Scania","description":"Motorcentralen Ume\u00e5 Scania","publisher":{"@id":"https:\/\/motorcentralen.se\/scania\/#organization"},"potentialAction":[{"@type":"SearchAction","target":{"@type":"EntryPoint","urlTemplate":"https:\/\/motorcentralen.se\/scania\/?s={search_term_string}"},"query-input":{"@type":"PropertyValueSpecification","valueRequired":true,"valueName":"search_term_string"}}],"inLanguage":"sv-SE"},{"@type":"Organization","@id":"https:\/\/motorcentralen.se\/scania\/#organization","name":"Motorcentralen Ume\u00e5 Scania","url":"https:\/\/motorcentralen.se\/scania\/","logo":{"@type":"ImageObject","inLanguage":"sv-SE","@id":"https:\/\/motorcentralen.se\/scania\/#\/schema\/logo\/image\/","url":"https:\/\/motorcentralen.se\/scania\/wp-content\/uploads\/sites\/3\/2024\/10\/Motorcentralen_Lastbilar_LOGO_white_rgb.svg","contentUrl":"https:\/\/motorcentralen.se\/scania\/wp-content\/uploads\/sites\/3\/2024\/10\/Motorcentralen_Lastbilar_LOGO_white_rgb.svg","width":1165,"height":166,"caption":"Motorcentralen Ume\u00e5 Scania"},"image":{"@id":"https:\/\/motorcentralen.se\/scania\/#\/schema\/logo\/image\/"}}]}},"_links":{"self":[{"href":"https:\/\/motorcentralen.se\/scania\/wp-json\/wp\/v2\/pages\/446","targetHints":{"allow":["GET"]}}],"collection":[{"href":"https:\/\/motorcentralen.se\/scania\/wp-json\/wp\/v2\/pages"}],"about":[{"href":"https:\/\/motorcentralen.se\/scania\/wp-json\/wp\/v2\/types\/page"}],"author":[{"embeddable":true,"href":"https:\/\/motorcentralen.se\/scania\/wp-json\/wp\/v2\/users\/1"}],"replies":[{"embeddable":true,"href":"https:\/\/motorcentralen.se\/scania\/wp-json\/wp\/v2\/comments?post=446"}],"version-history":[{"count":38,"href":"https:\/\/motorcentralen.se\/scania\/wp-json\/wp\/v2\/pages\/446\/revisions"}],"predecessor-version":[{"id":18134,"href":"https:\/\/motorcentralen.se\/scania\/wp-json\/wp\/v2\/pages\/446\/revisions\/18134"}],"up":[{"embeddable":true,"href":"https:\/\/motorcentralen.se\/scania\/wp-json\/wp\/v2\/pages\/389"}],"wp:attachment":[{"href":"https:\/\/motorcentralen.se\/scania\/wp-json\/wp\/v2\/media?parent=446"}],"curies":[{"name":"wp","href":"https:\/\/api.w.org\/{rel}","templated":true}]}}